{"version":"1.0","provider_name":"My Dad","provider_url":"https:\/\/mydad.cafeblog.hu","author_name":"Mydad","author_url":"https:\/\/mydad.cafeblog.hu\/author\/mydad\/","title":"Bet\u0171, ha ipari","html":"<p style=\"text-align: justify\">Nemcsak mi\u00f3ta divat lett, hanem m\u00e1r r\u00e9g\u00f3ta rajongok az \"ipari\" cuccok\u00e9rt. Padl\u00e1sokr\u00f3l, m\u0171helyekb\u0151l szedtem \u00f6ssze nem kifejezetten lak\u00e1sba sz\u00e1nt, de robosztus vagy \u00e9ppen nagyon is sz\u00e9pen megmunk\u00e1lt t\u00e1rgyakat.\u00a0<!--more--><\/p>\r\n<p style=\"text-align: justify\">Siker\u00fclt \u00f6sszehoznom k\u00e9t kedvencemet: a bet\u0171ket \u00e9s \u00a0a f\u00e9mlemezt. A W (vagy ha jobb szeretn\u00e9d, az M) adta mag\u00e1t. Kellemes meglepet\u00e9s volt, hogy az R-nek meg k\u00fcl\u00f6n\u00f6sen j\u00f3l \u00e1ll, sz\u00e9p a hideg anyag \u00edvelt vonalakk\u00e1 alak\u00edtva.<\/p>\r\n<p style=\"text-align: justify\">Apuk\u00e1m le akarta festeni, meggy\u0151ztem, hogy nekem \u00edgy kellenek :) Ahol sokat fogdostuk enyh\u00e9n barnult, finoman rozsd\u00e1sodott, m\u00e9g jobb!<\/p>\r\n<p style=\"text-align: justify\">Az el\u0151z\u0151 bejegyz\u00e9sekben mutatott bet\u0171kh\u00f6z hasonl\u00f3an 50 \u00e9s 90 cm magasak, mert mi (m\u00e9g mindig) a nagyot szeretj\u00fck. Ja, \u00e9s lefesthet\u0151k, ha m\u00e9gis \u00fagy\u00a0kellen\u00e9nek.<\/p>\r\n<p><a href=\"https:\/\/mydad.cafeblog.hu\/files\/2015\/09\/DSC1931.jpg\"><img class=\"alignnone size-large wp-image-106\" src=\"https:\/\/mydad.cafeblog.hu\/files\/2015\/09\/DSC1931-600x397.jpg\" alt=\"_DSC1931\" width=\"600\" height=\"397\" \/><\/a><a href=\"https:\/\/mydad.cafeblog.hu\/files\/2015\/09\/DSC1935.jpg\"><img class=\"alignnone size-large wp-image-107\" src=\"https:\/\/mydad.cafeblog.hu\/files\/2015\/09\/DSC1935-600x397.jpg\" alt=\"_DSC1935\" width=\"600\" height=\"397\" \/><\/a><a href=\"https:\/\/mydad.cafeblog.hu\/files\/2015\/09\/DSC1943.jpg\"><img class=\"alignnone size-large wp-image-108\" src=\"https:\/\/mydad.cafeblog.hu\/files\/2015\/09\/DSC1943-397x600.jpg\" alt=\"_DSC1943\" width=\"397\" height=\"600\" \/><\/a><a href=\"https:\/\/mydad.cafeblog.hu\/files\/2015\/09\/DSC1951.jpg\"><img class=\"alignnone size-large wp-image-109\" src=\"https:\/\/mydad.cafeblog.hu\/files\/2015\/09\/DSC1951-397x600.jpg\" alt=\"_DSC1951\" width=\"397\" height=\"600\" \/><\/a><\/p>","type":"rich","thumbnail_url":"https:\/\/mydad.cafeblog.hu\/files\/2015\/09\/DSC1935-150x150.jpg","thumbnail_width":150,"thumbnail_height":150}